{"id":32,"date":"2025-01-31T08:17:17","date_gmt":"2025-01-31T14:17:17","guid":{"rendered":"https:\/\/beleza.artereciclada.com.br\/?page_id=32"},"modified":"2025-02-14T16:31:52","modified_gmt":"2025-02-14T19:31:52","slug":"sobre","status":"publish","type":"page","link":"https:\/\/beleza.artereciclada.com.br\/fr\/sobre\/","title":{"rendered":"\u00c0 propos de nous"},"content":{"rendered":"<p>Bienvenue \u00e0 Beleza Arte !<\/p>\n\n\n\n<h3 class=\"wp-block-heading\">\u00c0 propos de nous<\/h3>\n\n\n\n<p>En <strong>Beaut\u00e9 Art<\/strong>Nous pensons que la vraie beaut\u00e9 r\u00e9side dans les d\u00e9tails et la simplicit\u00e9 de la vie quotidienne. Notre plateforme est n\u00e9e d'une passion pour le monde de la beaut\u00e9, apportant des conseils, de l'inspiration et des tendances pour que chacun puisse mettre en valeur sa propre essence et se sentir en confiance dans sa peau.<\/p>\n\n\n\n<h3 class=\"wp-block-heading\">Notre mission<\/h3>\n\n\n\n<p>Notre mission est de partager des connaissances sur la beaut\u00e9, le maquillage et les soins personnels d'une mani\u00e8re accessible et authentique. Nous voulons responsabiliser les personnes de tous \u00e2ges, en les aidant \u00e0 d\u00e9couvrir leur style, \u00e0 valoriser leur naturel et \u00e0 s'exprimer \u00e0 travers la beaut\u00e9, toujours dans l'estime de soi et le bien-\u00eatre.<\/p>\n\n\n\n<h3 class=\"wp-block-heading\">Ce que nous faisons<\/h3>\n\n\n\n<p>Ici, \u00e0 <strong>Beaut\u00e9 Art<\/strong>Nous proposons un large \u00e9ventail de contenus, notamment des tutoriels de maquillage, des conseils en mati\u00e8re de soins de la peau, des actualit\u00e9s sur la beaut\u00e9, des critiques de produits et bien plus encore. Chaque article est con\u00e7u pour \u00eatre utile, pratique et inspirant, afin de vous aider \u00e0 tirer le meilleur parti de votre beaut\u00e9 de mani\u00e8re consciente et \u00e9l\u00e9gante.<\/p>\n\n\n\n<h3 class=\"wp-block-heading\">Notre vision<\/h3>\n\n\n\n<p>Nous pensons que la beaut\u00e9 va au-del\u00e0 de l'apparence - elle r\u00e9side dans la fa\u00e7on dont nous prenons soin de nous, dont nous nous exprimons et dont nous nous sentons bien dans notre peau. Notre vision est de cr\u00e9er un espace o\u00f9 les amoureux de la beaut\u00e9 peuvent apprendre, \u00eatre inspir\u00e9s et se sentir en confiance pour faire ressortir leur propre essence, avec authenticit\u00e9 et \u00e9quilibre.<\/p>\n\n\n\n<h3 class=\"wp-block-heading\">Rejoignez-nous<\/h3>\n\n\n\n<p>Nous vous invitons \u00e0 explorer notre plateforme, \u00e0 d\u00e9couvrir de nouveaux conseils de beaut\u00e9 et \u00e0 consid\u00e9rer le maquillage et le soin de soi comme des formes d'expression et d'autonomisation. Que vous souhaitiez apprendre une nouvelle technique de maquillage, d\u00e9couvrir des produits incroyables ou simplement vous inspirer, la plateforme <strong>Beaut\u00e9 Art<\/strong> est l'endroit id\u00e9al pour vous.<\/p>\n\n\n\n<p><strong>D\u00e9couvrez l'art de la beaut\u00e9 et faites ressortir le meilleur de vous-m\u00eame !<\/strong><\/p>\n\n\n\n<h3 class=\"wp-block-heading\">Informations sur le contact<\/h3>\n\n\n\n<p>Si vous avez des questions ou si vous souhaitez prendre contact avec nous, veuillez envoyer un courrier \u00e9lectronique \u00e0 l'adresse suivante <strong><a>contato@artereciclada.com.br<\/a><\/strong>.<\/p>\n\n\n\n<p><strong>Derni\u00e8re mise \u00e0 jour : 14 novembre 202<\/strong>5<\/p>","protected":false},"excerpt":{"rendered":"<p>Bem vindo ao Beleza Arte! Sobre N\u00f3s Na Beleza Arte, acreditamos que a verdadeira beleza est\u00e1 nos detalhes e na simplicidade do dia a dia. Nossa plataforma nasceu da paix\u00e3o pelo universo da beleza, trazendo dicas, inspira\u00e7\u00f5es e tend\u00eancias para que todos possam real\u00e7ar sua pr\u00f3pria ess\u00eancia e se sentir confiantes em sua pele. Nossa [&hellip;]<\/p>","protected":false},"author":4,"featured_media":0,"parent":0,"menu_order":0,"comment_status":"closed","ping_status":"closed","template":"","meta":{"footnotes":""},"class_list":["post-32","page","type-page","status-publish","hentry"],"blocksy_meta":[],"_links":{"self":[{"href":"https:\/\/beleza.artereciclada.com.br\/fr\/wp-json\/wp\/v2\/pages\/32","targetHints":{"allow":["GET"]}}],"collection":[{"href":"https:\/\/beleza.artereciclada.com.br\/fr\/wp-json\/wp\/v2\/pages"}],"about":[{"href":"https:\/\/beleza.artereciclada.com.br\/fr\/wp-json\/wp\/v2\/types\/page"}],"author":[{"embeddable":true,"href":"https:\/\/beleza.artereciclada.com.br\/fr\/wp-json\/wp\/v2\/users\/4"}],"replies":[{"embeddable":true,"href":"https:\/\/beleza.artereciclada.com.br\/fr\/wp-json\/wp\/v2\/comments?post=32"}],"version-history":[{"count":3,"href":"https:\/\/beleza.artereciclada.com.br\/fr\/wp-json\/wp\/v2\/pages\/32\/revisions"}],"predecessor-version":[{"id":212,"href":"https:\/\/beleza.artereciclada.com.br\/fr\/wp-json\/wp\/v2\/pages\/32\/revisions\/212"}],"wp:attachment":[{"href":"https:\/\/beleza.artereciclada.com.br\/fr\/wp-json\/wp\/v2\/media?parent=32"}],"curies":[{"name":"wp","href":"https:\/\/api.w.org\/{rel}","templated":true}]}}