{"id":3,"date":"2025-01-24T01:50:31","date_gmt":"2025-01-24T04:50:31","guid":{"rendered":"https:\/\/beleza.artereciclada.com.br\/?page_id=3"},"modified":"2025-02-26T11:38:38","modified_gmt":"2025-02-26T14:38:38","slug":"politica-de-privacidade","status":"publish","type":"page","link":"https:\/\/beleza.artereciclada.com.br\/fr\/politica-de-privacidade\/","title":{"rendered":"Politique de confidentialit\u00e9"},"content":{"rendered":"<p><span style=\"color: rgb(68, 68, 68);\">Votre vie priv\u00e9e est importante pour nous. La politique de Beleza Arte est de respecter votre vie priv\u00e9e en ce qui concerne les informations que nous pouvons recueillir sur notre site web. <a href=\"https:\/\/beleza.artereciclada.com.br\/fr\/\">Beaut\u00e9 Art<\/a>et d'autres sites que nous poss\u00e9dons et exploitons.<\/span><\/p>\n\n\n\n<p><span style=\"color: rgb(68, 68, 68);\">Nous ne demandons des informations personnelles que lorsque nous en avons r\u00e9ellement besoin pour vous fournir un service. Nous le faisons par des moyens justes et l\u00e9gaux, en vous informant et en obtenant votre consentement. Nous vous expliquons \u00e9galement pourquoi nous recueillons ces informations et comment elles seront utilis\u00e9es.<\/span><\/p>\n\n\n\n<p><span style=\"color: rgb(68, 68, 68);\">Nous ne conservons les informations collect\u00e9es que le temps n\u00e9cessaire pour fournir le service demand\u00e9. Lorsque nous stockons des donn\u00e9es, nous les prot\u00e9geons par des moyens commercialement acceptables afin d'\u00e9viter la perte et le vol, ainsi que l'acc\u00e8s, la divulgation, la copie, l'utilisation ou la modification non autoris\u00e9s.<\/span><\/p>\n\n\n\n<p><span style=\"color: rgb(68, 68, 68);\">Nous ne partageons pas les informations personnelles identifiables avec le public ou des tiers, sauf si la loi l'exige.<\/span><\/p>\n\n\n\n<p><span style=\"color: rgb(68, 68, 68);\">Notre site web peut contenir des liens vers des sites web externes qui ne sont pas exploit\u00e9s par nous. Veuillez noter que nous n'avons aucun contr\u00f4le sur le contenu et les pratiques de ces sites et que nous ne pouvons \u00eatre tenus responsables de leurs contenus et pratiques respectifs.&nbsp;<\/span><a href=\"https:\/\/politicaprivacidade.com\/\" rel=\"noopener noreferrer\" target=\"_blank\" style=\"background-color: transparent; color: rgb(68, 68, 68);\">politiques en mati\u00e8re de protection de la vie priv\u00e9e<\/a><span style=\"color: rgb(68, 68, 68);\">.<\/span><\/p>\n\n\n\n<p><span style=\"color: rgb(68, 68, 68);\">Vous \u00eates libre de refuser notre demande d'informations personnelles, \u00e9tant entendu que nous pourrions ne pas \u00eatre en mesure de vous fournir certains des services dont vous avez besoin.<\/span><\/p>\n\n\n\n<p><span style=\"color: rgb(68, 68, 68);\">En continuant \u00e0 utiliser notre site web, vous acceptez nos pratiques en mati\u00e8re de protection de la vie priv\u00e9e et des informations personnelles. Si vous avez des questions sur la mani\u00e8re dont nous traitons les donn\u00e9es des utilisateurs et les informations personnelles, veuillez nous contacter.<\/span><\/p>\n\n\n\n<p><span style=\"color: rgb(68, 68, 68);\"><\/span><\/p>\n\n\n\n<ul class=\"wp-block-list\">\n<li><span style=\"color: rgb(68, 68, 68);\">Le service Google AdSense que nous utilisons pour diffuser de la publicit\u00e9 utilise un cookie DoubleClick pour diffuser des annonces plus pertinentes sur le web et limiter le nombre de fois qu'une annonce particuli\u00e8re vous est montr\u00e9e.<\/span><\/li>\n\n\n\n<li><span style=\"color: rgb(68, 68, 68);\">Pour plus d'informations sur Google AdSense, consultez les FAQ officielles sur la confidentialit\u00e9 de Google AdSense.<\/span><\/li>\n\n\n\n<li><span style=\"color: rgb(68, 68, 68);\">Nous utilisons les publicit\u00e9s pour compenser les co\u00fbts de fonctionnement de ce site et pour financer les d\u00e9veloppements futurs. Les cookies de publicit\u00e9 comportementale utilis\u00e9s par ce site sont con\u00e7us pour s'assurer que vous recevez les publicit\u00e9s les plus pertinentes possible en suivant de mani\u00e8re anonyme vos centres d'int\u00e9r\u00eat et en vous pr\u00e9sentant des choses similaires susceptibles de vous int\u00e9resser.<\/span><\/li>\n\n\n\n<li><span style=\"color: rgb(68, 68, 68);\">Divers partenaires font de la publicit\u00e9 en notre nom et les cookies de suivi des affili\u00e9s nous permettent simplement de voir si nos clients ont acc\u00e9d\u00e9 au site via l'un des sites de nos partenaires, afin que nous puissions les cr\u00e9diter de mani\u00e8re appropri\u00e9e et, le cas \u00e9ch\u00e9ant, permettre \u00e0 nos partenaires affili\u00e9s de proposer des promotions qui pourraient vous donner l'occasion d'effectuer un achat.<\/span><\/li>\n<\/ul>\n\n\n\n<h3 class=\"wp-block-heading\"><span style=\"color: rgb(68, 68, 68);\">Engagement de l'utilisateur<\/span><\/h3>\n\n\n\n<p><span style=\"color: rgb(68, 68, 68);\">L'utilisateur s'engage \u00e0 faire un usage appropri\u00e9 du contenu et de l'information que Beleza Arte offre sur le site et avec un caract\u00e8re \u00e9nonciatif mais non limitatif :<\/span><\/p>\n\n\n\n<ul class=\"wp-block-list\">\n<li><span style=\"color: rgb(68, 68, 68);\">A) Ne pas s'engager dans des activit\u00e9s ill\u00e9gales ou contraires \u00e0 la bonne foi ou \u00e0 l'ordre public ;<\/span><\/li>\n\n\n\n<li><span style=\"color: rgb(68, 68, 68);\">B) Ne pas diffuser de propagande ou de contenu raciste ou x\u00e9nophobe, <\/span><span style=\"color: rgb(33, 37, 41);\"><a style=\"color:inherit !important; text-decoration: none !important; font-size: inherit !important;\" href=\"https:\/\/166bet.br.com\" target=\"_blank\" rel=\"noopener\">166bet<\/a><\/span><span style=\"color: rgb(68, 68, 68);\"> ou les jeux d'argent, toute forme de pornographie ill\u00e9gale, l'apologie du terrorisme ou des droits de l'homme ;<\/span><\/li>\n\n\n\n<li><span style=\"color: rgb(68, 68, 68);\">C) Ne pas causer de dommages aux syst\u00e8mes physiques (hardware) et logiques (software) de Beleza Arte, de ses fournisseurs ou de tiers, introduire ou diffuser des virus informatiques ou tout autre syst\u00e8me hardware ou software capable de causer les dommages susmentionn\u00e9s.<\/span><\/li>\n<\/ul>\n\n\n\n<h3 class=\"wp-block-heading\"><span style=\"color: rgb(68, 68, 68);\">Plus d'informations<\/span><\/h3>\n\n\n\n<p><span style=\"color: rgb(68, 68, 68);\">Nous esp\u00e9rons avoir \u00e9clairci ce point et, comme indiqu\u00e9 pr\u00e9c\u00e9demment, si vous n'\u00eates pas s\u00fbr d'avoir besoin de quelque chose, il est g\u00e9n\u00e9ralement plus prudent de laisser les cookies activ\u00e9s si vous interagissez avec l'une des fonctions que vous utilisez sur notre site.<\/span><\/p>\n\n\n\n<p><span style=\"color: rgb(68, 68, 68);\">Cette politique entre en vigueur le 26 f\u00e9vrier 2025 \u00e0 11:38.<\/span><\/p>","protected":false},"excerpt":{"rendered":"<p>A sua privacidade \u00e9 importante para n\u00f3s. \u00c9 pol\u00edtica do Beleza Arte respeitar a sua privacidade em rela\u00e7\u00e3o a qualquer informa\u00e7\u00e3o sua que possamos coletar no site Beleza Arte, e outros sites que possu\u00edmos e operamos. Solicitamos informa\u00e7\u00f5es pessoais apenas quando realmente precisamos delas para lhe fornecer um servi\u00e7o. Fazemo-lo por meios justos e legais, [&hellip;]<\/p>","protected":false},"author":1,"featured_media":205,"parent":0,"menu_order":0,"comment_status":"closed","ping_status":"closed","template":"","meta":{"footnotes":""},"class_list":["post-3","page","type-page","status-publish","has-post-thumbnail","hentry"],"blocksy_meta":[],"_links":{"self":[{"href":"https:\/\/beleza.artereciclada.com.br\/fr\/wp-json\/wp\/v2\/pages\/3","targetHints":{"allow":["GET"]}}],"collection":[{"href":"https:\/\/beleza.artereciclada.com.br\/fr\/wp-json\/wp\/v2\/pages"}],"about":[{"href":"https:\/\/beleza.artereciclada.com.br\/fr\/wp-json\/wp\/v2\/types\/page"}],"author":[{"embeddable":true,"href":"https:\/\/beleza.artereciclada.com.br\/fr\/wp-json\/wp\/v2\/users\/1"}],"replies":[{"embeddable":true,"href":"https:\/\/beleza.artereciclada.com.br\/fr\/wp-json\/wp\/v2\/comments?post=3"}],"version-history":[{"count":4,"href":"https:\/\/beleza.artereciclada.com.br\/fr\/wp-json\/wp\/v2\/pages\/3\/revisions"}],"predecessor-version":[{"id":262,"href":"https:\/\/beleza.artereciclada.com.br\/fr\/wp-json\/wp\/v2\/pages\/3\/revisions\/262"}],"wp:featuredmedia":[{"embeddable":true,"href":"https:\/\/beleza.artereciclada.com.br\/fr\/wp-json\/wp\/v2\/media\/205"}],"wp:attachment":[{"href":"https:\/\/beleza.artereciclada.com.br\/fr\/wp-json\/wp\/v2\/media?parent=3"}],"curies":[{"name":"wp","href":"https:\/\/api.w.org\/{rel}","templated":true}]}}